{"id":41,"date":"2019-11-20T17:10:19","date_gmt":"2019-11-20T17:10:19","guid":{"rendered":"https:\/\/fsc.cplepage.com\/?page_id=41"},"modified":"2024-06-13T10:33:08","modified_gmt":"2024-06-13T10:33:08","slug":"fondation-stephan-cretier","status":"publish","type":"page","link":"https:\/\/www.fondationcretier.org\/en\/","title":{"rendered":"St\u00e9phan Cr\u00e9tier Foundation"},"content":{"rendered":"\n<div style=\"height:50px\" aria-hidden=\"true\" class=\"wp-block-spacer\"><\/div>\n\n\n<div class=\"wp-block-image\">\n<figure class=\"aligncenter size-large\"><img loading=\"lazy\" decoding=\"async\" width=\"600\" height=\"240\" src=\"https:\/\/fondationcretier.org\/wp-content\/uploads\/2019\/11\/logo.png\" alt=\"\" class=\"wp-image-39\"\/><\/figure><\/div>\n\n\n<div style=\"height:50px\" aria-hidden=\"true\" class=\"wp-block-spacer\"><\/div>\n\n\n\n<p class=\"has-text-align-center has-medium-font-size\">The St\u00e9phan Cr\u00e9tier Foundation is a Canadian charitable organization established in 2006 by St\u00e9phan Cr\u00e9tier and St\u00e9phany Maillery. Global citizens residing in Dubai since 2010, Mr. Cr\u00e9tier and Ms. Maillery have not forgotten their Canadian roots.<\/p>\n\n\n\n<p class=\"has-text-align-center has-medium-font-size\">The Foundation\u2019s mission is to give back to the community by supporting various Canadian not-for-profit organizations. Furthermore, the Foundation operates the Bolo Program, an innovative and results-driven project focusing on public safety awareness as well as the public\u2019s assistance in locating Canada\u2019s most wanted fugitives. St\u00e9phan Cr\u00e9tier is the Founder, Chairman, President and CEO of GardaWorld, one of the world\u2019s leading private security corporations, with over 132,000 dedicated professionals active in 45 countries.<\/p>\n\n\n\n<div style=\"height:50px\" aria-hidden=\"true\" class=\"wp-block-spacer\"><\/div>\n\n\n\n<h2 class=\"wp-block-heading\" id=\"bolo-program\">BOLO PROGRAM<\/h2>\n\n\n\n<div style=\"height:25px\" aria-hidden=\"true\" class=\"wp-block-spacer\"><\/div>\n\n\n\n<div class=\"wp-block-columns has-2-columns is-layout-flex wp-container-core-columns-is-layout-9d6595d7 wp-block-columns-is-layout-flex\">\n<div class=\"wp-block-column is-vertically-aligned-center centered-col is-layout-flow wp-block-column-is-layout-flow\" style=\"flex-basis:45%\">\n<figure class=\"wp-block-image\"><img loading=\"lazy\" decoding=\"async\" width=\"961\" height=\"648\" src=\"https:\/\/fondationcretier.org\/wp-content\/uploads\/2020\/04\/Generic-FSCw-EN.jpeg\" alt=\"\" class=\"wp-image-234\" srcset=\"https:\/\/www.fondationcretier.org\/wp-content\/uploads\/2020\/04\/Generic-FSCw-EN.jpeg 961w, https:\/\/www.fondationcretier.org\/wp-content\/uploads\/2020\/04\/Generic-FSCw-EN-300x202.jpeg 300w, https:\/\/www.fondationcretier.org\/wp-content\/uploads\/2020\/04\/Generic-FSCw-EN-768x518.jpeg 768w\" sizes=\"auto, (max-width: 961px) 100vw, 961px\" \/><\/figure>\n<\/div>\n\n\n\n<div class=\"wp-block-column is-vertically-aligned-center is-layout-flow wp-block-column-is-layout-flow\" style=\"flex-basis:55%\">\n<h4 class=\"wp-block-heading\">Giving Back<\/h4>\n\n\n\n<p class=\"has-small-font-size\">One does not build one of the world\u2019s largest private security corporations without being passionate about public safety and security. Beyond his philanthropic activities, Mr. Cr\u00e9tier is an entrepreneur wanting to give back to the community through his passion and expertise.<\/p>\n\n\n\n<p class=\"has-small-font-size\">With the launch of the Bolo Program in 2018, the St\u00e9phan Cr\u00e9tier Foundation created a unique and innovative project fully dedicated to public safety.<\/p>\n<\/div>\n<\/div>\n\n\n\n<div class=\"wp-block-columns has-2-columns must-flip is-layout-flex wp-container-core-columns-is-layout-9d6595d7 wp-block-columns-is-layout-flex\">\n<div class=\"wp-block-column is-vertically-aligned-center is-layout-flow wp-block-column-is-layout-flow\" style=\"flex-basis:55%\">\n<h4 class=\"wp-block-heading\">Keeping our Communities Safe, Together<\/h4>\n\n\n\n<p class=\"has-small-font-size\">Canada is one of the safest countries in the world, in part because Canadians understand their collective responsibility to look after one another. But Canada is not immune to major crimes and security issues, and all Canadians have a role to play in keeping our communities safe.<\/p>\n\n\n\n<p class=\"has-small-font-size\">Few Canadians know that tens of thousands of arrest warrants are currently outstanding in the country. Hundreds of these warrants are for major crimes, such as murders, sexual assaults, and crimes against children. Individuals indicted or convicted of these major crimes represent threats to our communities, and they must face justice.<\/p>\n<\/div>\n\n\n\n<div class=\"wp-block-column is-vertically-aligned-center centered-col is-layout-flow wp-block-column-is-layout-flow\" style=\"flex-basis:45%\">\n<figure class=\"wp-block-image size-large\"><img loading=\"lazy\" decoding=\"async\" width=\"1024\" height=\"640\" src=\"https:\/\/live-fondation-stephan-cretier.pantheonsite.io\/wp-content\/uploads\/2019\/12\/bolomontage-1024x640.jpg\" alt=\"\" class=\"wp-image-162\" srcset=\"https:\/\/www.fondationcretier.org\/wp-content\/uploads\/2019\/12\/bolomontage-1024x640.jpg 1024w, https:\/\/www.fondationcretier.org\/wp-content\/uploads\/2019\/12\/bolomontage-300x188.jpg 300w, https:\/\/www.fondationcretier.org\/wp-content\/uploads\/2019\/12\/bolomontage-768x480.jpg 768w, https:\/\/www.fondationcretier.org\/wp-content\/uploads\/2019\/12\/bolomontage.jpg 1280w\" sizes=\"auto, (max-width: 1024px) 100vw, 1024px\" \/><\/figure>\n<\/div>\n<\/div>\n\n\n\n<div class=\"wp-block-columns has-2-columns is-layout-flex wp-container-core-columns-is-layout-9d6595d7 wp-block-columns-is-layout-flex\">\n<div class=\"wp-block-column is-vertically-aligned-center iframe-wrapper is-layout-flow wp-block-column-is-layout-flow\" style=\"flex-basis:45%\">\n<figure><iframe src=\"https:\/\/www.youtube-nocookie.com\/embed\/2UHIU_eTV9g\" frameborder=\"0\" allow=\"accelerometer; autoplay; encrypted-media; gyroscope; picture-in-picture\" allowfullscreen=\"\"><\/iframe><\/figure>\n<\/div>\n\n\n\n<div class=\"wp-block-column is-vertically-aligned-center is-layout-flow wp-block-column-is-layout-flow\" style=\"flex-basis:55%\">\n<h4 class=\"wp-block-heading\">A Breakthrough Initiative<\/h4>\n\n\n\n<p class=\"has-small-font-size\">The Bolo Program is a breakthrough initiative leveraging social media, technology, and innovative engagement to encourage citizens to be on the lookout for Canada\u2019s most wanted, so they can help keep their communities safe. The term \u2018BOLO\u2019, which stands for \u201cbe on the lookout,\u201d is commonly used to designate actively wanted suspects.<\/p>\n\n\n\n<p class=\"has-small-font-size\">The Bolo Program amplifies priority wanted notices for which Canadian police services have already requested the public\u2019s assistance. In cooperation with Canadian police services and Crime Stoppers, the Program launches amplification campaigns to reach wider audiences for these notices, on multiple platforms and over extended periods of time, and offers major financial rewards as incentives for citizens to be on the lookout and submit tips to the authorities.<\/p>\n\n\n\n<p class=\"has-small-font-size\">In short, the Bolo Program reaches citizens at the right time, at the right place, and by using the right means to encourage them to be on the lookout. Learn more and help keep Canada safe by visiting the <a href=\"http:\/\/www.boloprogram.org\/\" target=\"_blank\" rel=\"noreferrer noopener\">Bolo Program website<\/a>.<\/p>\n<\/div>\n<\/div>\n\n\n\n<div style=\"height:50px\" aria-hidden=\"true\" class=\"wp-block-spacer\"><\/div>\n\n\n\n<h2 class=\"wp-block-heading\" id=\"donations\">MAJOR DONATIONS<\/h2>\n\n\n\n<div style=\"height:25px\" aria-hidden=\"true\" class=\"wp-block-spacer\"><\/div>\n\n\n\n<div class=\"wp-block-columns has-2-columns is-layout-flex wp-container-core-columns-is-layout-9d6595d7 wp-block-columns-is-layout-flex\">\n<div class=\"wp-block-column is-vertically-aligned-center centered-col is-layout-flow wp-block-column-is-layout-flow\" style=\"flex-basis:40%\">\n<figure class=\"wp-block-image size-full\"><img loading=\"lazy\" decoding=\"async\" width=\"800\" height=\"961\" src=\"https:\/\/fondationcretier.org\/wp-content\/uploads\/2024\/04\/visitor-education-centre-1-copy.jpg\" alt=\"\" class=\"wp-image-382\" srcset=\"https:\/\/www.fondationcretier.org\/wp-content\/uploads\/2024\/04\/visitor-education-centre-1-copy.jpg 800w, https:\/\/www.fondationcretier.org\/wp-content\/uploads\/2024\/04\/visitor-education-centre-1-copy-250x300.jpg 250w, https:\/\/www.fondationcretier.org\/wp-content\/uploads\/2024\/04\/visitor-education-centre-1-copy-768x923.jpg 768w\" sizes=\"auto, (max-width: 800px) 100vw, 800px\" \/><\/figure>\n\n\n\n<figure class=\"wp-block-image size-full\"><img loading=\"lazy\" decoding=\"async\" width=\"800\" height=\"450\" src=\"https:\/\/fondationcretier.org\/wp-content\/uploads\/2024\/04\/Projects_Peace_Circle-copy.jpg\" alt=\"\" class=\"wp-image-394\" srcset=\"https:\/\/www.fondationcretier.org\/wp-content\/uploads\/2024\/04\/Projects_Peace_Circle-copy.jpg 800w, https:\/\/www.fondationcretier.org\/wp-content\/uploads\/2024\/04\/Projects_Peace_Circle-copy-300x169.jpg 300w, https:\/\/www.fondationcretier.org\/wp-content\/uploads\/2024\/04\/Projects_Peace_Circle-copy-768x432.jpg 768w\" sizes=\"auto, (max-width: 800px) 100vw, 800px\" \/><\/figure>\n<\/div>\n\n\n\n<div class=\"wp-block-column is-vertically-aligned-center is-layout-flow wp-block-column-is-layout-flow\" style=\"flex-basis:60%\">\n<h3 class=\"wp-block-heading\">Vimy Foundation<\/h3>\n\n\n\n<p class=\"has-small-font-size\">The&nbsp;<a href=\"http:\/\/www.vimyfoundation.ca\/\" target=\"_blank\" rel=\"noreferrer noopener\">Vimy Foundation<\/a> preserves and promotes Canada\u2019s First World War legacy as symbolized with the victory in the battle at Vimy Ridge in April 1917. The Battle of Vimy Ridge was the very first occasion all Canadian Corps divisions fought together, with soldiers coming from across the country. Their victory greatly contributed to Canada being recognized on the world stage and is considered by many as a turning point in the development of today\u2019s Canadian national identity.<\/p>\n\n\n\n<p class=\"has-small-font-size\">St\u00e9phan Cr\u00e9tier leads a corporation honoured to employ thousands of veterans around the world. GardaWorld has been committed for years to welcoming veterans into its ranks, not only for operational roles, but also at various levels within the organization. The company offers these military men and women additional training and leverages their expertise in protecting and serving citizens.<\/p>\n\n\n\n<p class=\"has-small-font-size\">As part of Mr. Cr\u00e9tier and Mrs. Maillery\u2019s commitment to highlight the sacrifice of our veterans, the St\u00e9phan Cr\u00e9tier Foundation was proud to be a major contributor to the development of the <a href=\"http:\/\/www.veterans.gc.ca\/eng\/remembrance\/memorials\/overseas\/first-world-war\/france\/vimy\/education-centre\" target=\"_blank\" rel=\"noreferrer noopener\">Visitor Education Centre<\/a> at the Vimy Memorial in France. The Visitor Education Centre was inaugurated in 2017 to underline the 100th anniversary of the battle.<\/p>\n\n\n\n<p class=\"has-small-font-size\">On June 21, 2021, the Vimy Foundation also announced the creation of St\u00e9phan Cr\u00e9tier and St\u00e9phany Maillery Peace Circle, located in the heart of its Centennial Park, in Vimy, France. The Peace Circle offers visitors a serene setting amid the natural beauty of Vimy. A symbol of peace and harmony, it commemorates the bravery of the Canadian soldiers who served on Vimy Ridge, while promoting dialogue and understanding. This addition will not only serve Canadians and visitors to the Canadian National Vimy Memorial, but will also serve as a space for the local community of Givenchy-en-Gohelle.<\/p>\n\n\n\n<p class=\"has-small-font-size\">The <a href=\"https:\/\/vimyfoundation.ca\/news\/the-opening-of-the-stephan-cretier-and-stephany-maillery-peace-circle-in-the-vimy-foundation-centennial-park\" data-type=\"link\" data-id=\"https:\/\/vimyfoundation.ca\/news\/the-opening-of-the-stephan-cretier-and-stephany-maillery-peace-circle-in-the-vimy-foundation-centennial-park\">St\u00e9phan Cr\u00e9tier and St\u00e9phany Maillery Peace Circle<\/a> was officially inaugurated on April 8, 2024 by French and Canadian dignitaries.<\/p>\n<\/div>\n<\/div>\n\n\n\n<div class=\"wp-block-columns has-2-columns must-flip is-layout-flex wp-container-core-columns-is-layout-9d6595d7 wp-block-columns-is-layout-flex\">\n<div class=\"wp-block-column is-vertically-aligned-center is-layout-flow wp-block-column-is-layout-flow\" style=\"flex-basis:60%\">\n<h3 class=\"wp-block-heading\">Montreal Museum of Fine Arts<\/h3>\n\n\n\n<p class=\"has-small-font-size\">On May 10, 2018, the&nbsp;<a rel=\"noreferrer noopener\" href=\"http:\/\/www.mbam.qc.ca\/en\/\" target=\"_blank\">Montreal Museum of Fine Arts<\/a>&nbsp;announced a major donation from St\u00e9phan Cr\u00e9tier and St\u00e9phany Maillery. This important contribution enabled the Museum to realize a large-scale project that celebrates diversity and fosters intercultural dialogue through art: the St\u00e9phan Cr\u00e9tier and St\u00e9phany Maillery Wing for the Arts of One World, inaugurated in November 2019.<\/p>\n\n\n\n<p class=\"has-small-font-size\">This new wing showcases the Museum\u2019s archeology and world cultures collection, one of the largest in Canada. From a fresh, intercultural perspective, the wing integrates numerous works by artists from yesterday to today from every continent\u2014including new acquisitions\u2014that together reflect the richness and diversity of our universal heritage. At the heart of a humanist, socially engaged museum and one of the most cosmopolitan cities in the world, these new galleries open the way to addressing disciplines and social issues beyond the discourse of art history, and promote dialogue and understanding of one another.<\/p>\n\n\n\n<p class=\"has-small-font-size\">\u201cThese values of celebrating diversity are deeply held convictions. In our work, we meet people every day from all backgrounds and cultures, all around the world, from the Americas, to Europe, to Africa to the Middle East. Art is often the gateway, the universal language by which we can understand others and discover and appreciate their many facets and subtleties. In fact, art is a very powerful topic of discussion for uniting people, and we are convinced that the MMFA\u2019s new wing will be a catalyst for dialogue,\u201d share St\u00e9phan Cr\u00e9tier and his spouse St\u00e9phany Maillery.<\/p>\n\n\n\n<p class=\"has-small-font-size\">In addition to their exemplary donation to the MMFA\u2019s Wing for the Arts of One World, the couple also lent their invaluable support to the presentation of the exhibitions \u201cFrom Africa to the Americas: Face-to-face Picasso, Past and Present\u201d and \u201cHere We Are Here: Black Canadian Contemporary Art\u201d (on view May 12 to September 16, 2018) as well as to the exhibition \u201cConnections: Our Artistic Diversity Dialogues with Our Collections,\u201d from September 18, 2018 to June 9, 2019.<\/p>\n<\/div>\n\n\n\n<div class=\"wp-block-column is-vertically-aligned-center centered-col is-layout-flow wp-block-column-is-layout-flow\" style=\"flex-basis:40%\">\n<figure class=\"wp-block-image size-large\"><img loading=\"lazy\" decoding=\"async\" width=\"465\" height=\"1024\" src=\"https:\/\/live-fondation-stephan-cretier.pantheonsite.io\/wp-content\/uploads\/2019\/12\/mbam2019b-465x1024.jpeg\" alt=\"\" class=\"wp-image-166\" srcset=\"https:\/\/www.fondationcretier.org\/wp-content\/uploads\/2019\/12\/mbam2019b-465x1024.jpeg 465w, https:\/\/www.fondationcretier.org\/wp-content\/uploads\/2019\/12\/mbam2019b-136x300.jpeg 136w, https:\/\/www.fondationcretier.org\/wp-content\/uploads\/2019\/12\/mbam2019b.jpeg 581w\" sizes=\"auto, (max-width: 465px) 100vw, 465px\" \/><\/figure>\n<\/div>\n<\/div>\n\n\n\n<div style=\"height:50px\" aria-hidden=\"true\" class=\"wp-block-spacer\"><\/div>\n\n\n\n<h2 class=\"wp-block-heading\" id=\"founders\">FOUNDERS<\/h2>\n\n\n\n<div style=\"height:25px\" aria-hidden=\"true\" class=\"wp-block-spacer\"><\/div>\n\n\n\n<div class=\"wp-block-columns has-2-columns is-layout-flex wp-container-core-columns-is-layout-9d6595d7 wp-block-columns-is-layout-flex\">\n<div class=\"wp-block-column is-layout-flow wp-block-column-is-layout-flow\">\n<h3 class=\"wp-block-heading\">St\u00e9phan Cr\u00e9tier<\/h3>\n\n\n\n<p class=\"has-small-font-size\">Named Entrepreneur of the Decade by Profit Magazine in 2011 as one of eleven remarkable Canadian CEOs, St\u00e9phan Cr\u00e9tier is the founder, chairman, president and CEO of GardaWorld Security Corporation, a $5 billion full service security provider with 132,000 dedicated professionals operating in 45 countries around the world.<\/p>\n\n\n\n<p class=\"has-small-font-size\">St\u00e9phan Cr\u00e9tier founded GardaWorld in 1995 with an investment of $25,000 from a second mortgage and grew it to become one of the five largest security providers globally. Today, the company is Canada\u2019s market leader in protective services and pre-board screening services provider, the largest cash services provider in North America, and one of the leading providers of international risk mitigation services in Africa and the Middle East. Cr\u00e9tier is always on the lookout for ways to broaden his company\u2019s reach and showcase Canada\u2019s expertise abroad.<\/p>\n\n\n\n<p class=\"has-small-font-size\">He extended his influence within the industry when he became the first Canadian appointed to the Board of Directors of the International Security League (2010-2021). He also plays an active role as a board member of several organizations, including the Montreal Economic Institute, a leading free market think-tank; the Hirshhorn Museum, a Smithsonian institution based in Washington, DC.<\/p>\n\n\n\n<p class=\"has-small-font-size\">Active in the community, Cr\u00e9tier has presided over many successful charity events and in December of 2012, he received the Queen Elizabeth II Diamond Jubilee Medal.<\/p>\n<\/div>\n\n\n\n<div class=\"wp-block-column m-top is-layout-flow wp-block-column-is-layout-flow\">\n<h3 class=\"wp-block-heading\">St\u00e9phany Maillery<\/h3>\n\n\n\n<p class=\"has-small-font-size\">Born in Le Mans, France, St\u00e9phany is co-owner of Roy Estate, a high-end boutique winery in Napa Valley which has received acclaimed reviews by Robert Parker from The Wine Advocate.<\/p>\n\n\n\n<p class=\"has-small-font-size\">Long considered one of Canada&#8217;s most influential supermodels, St\u00e9phany worked in Europe alongside fashion designers such as Armani, Valentino, Jean-Paul Gaultier, Chanel, Versace and Dolce &amp; Gabbana. She graced the pages of prestigious magazines, including Vogue and Elle. Despite her success in the fashion industry, St\u00e9phany decided to join the renowned Actors Institute in London in 1997.<\/p>\n\n\n\n<p class=\"has-small-font-size\">Always looking for new personal challenges, St\u00e9phany embarked on a series of extreme expeditions: in 2005, she climbed Mount Washington in the middle of winter; in 2008, she took on the Rose des Sables Rallye in Morocco, turning her trip into a fundraising initiative benefiting Famijeunes, a community organization in the Saint-Henri\/Petite-Bourgogne district of Montreal. In 2010, she tackled the Sahara Desert once more and took first-place honors in the renowned Rallye A\u00efcha des Gazelles. Always on the lookout for new adventures, she scaled the famous Meru and Uhuru summits of the Kilimanjaro plateau in Tanzania and repeated the feat on the peaks of Ecuador and Peru at more than 15,000 feet and took on the summits of Nepal in the fall of 2013. In 2017, she completed the grueling (half) Marathon des Sables, a competition consisting of three marathons in four days in the desert.<\/p>\n\n\n\n<p class=\"has-small-font-size\">In the spring of 2013, St\u00e9phany Maillery was presented with the Queen Elizabeth II Diamond Jubilee Medal.<\/p>\n<\/div>\n<\/div>\n\n\n\n<div style=\"height:50px\" aria-hidden=\"true\" class=\"wp-block-spacer\"><\/div>\n\n\n\n<h2 class=\"wp-block-heading\" id=\"direction\">LEADERSHIP<\/h2>\n\n\n\n<div style=\"height:25px\" aria-hidden=\"true\" class=\"wp-block-spacer\"><\/div>\n\n\n\n<h3 class=\"wp-block-heading\">Max Langlois, General Manager<\/h3>\n\n\n\n<p class=\"has-small-font-size\">Max Langlois is the General Manager of the St\u00e9phan Cr\u00e9tier Foundation. He also serves as the Executive Director of the Bolo Program, a public safety innovation project encouraging citizens to be on the lookout for Canada\u2019s most wanted.<\/p>\n\n\n\n<p class=\"has-small-font-size\">Mr. Langlois has spent his entire career working in the field of security. He has worked for Global Affairs Canada in Ottawa, the United Nations Department of Peacekeeping Operations in New York City as well as the International Criminal Police Organization (INTERPOL) in Lyon, France. He is a graduate of the University of Ottawa and the Royal Military College of Canada. He is fluent in French, English, and Spanish.<\/p>\n\n\n\n<div style=\"height:50px\" aria-hidden=\"true\" class=\"wp-block-spacer\"><\/div>\n\n\n\n<h2 class=\"wp-block-heading\" id=\"contact\">CONTACT<\/h2>\n\n\n\n<div style=\"height:25px\" aria-hidden=\"true\" class=\"wp-block-spacer\"><\/div>\n\n\n\n\n<div class=\"wpcf7 no-js\" id=\"wpcf7-f48-o1\" lang=\"fr-FR\" dir=\"ltr\" data-wpcf7-id=\"48\">\n<div class=\"screen-reader-response\"><p role=\"status\" aria-live=\"polite\" aria-atomic=\"true\"><\/p> <ul><\/ul><\/div>\n<form action=\"\/en\/wp-json\/wp\/v2\/pages\/41#wpcf7-f48-o1\" method=\"post\" class=\"wpcf7-form init\" aria-label=\"Formulaire de contact\" novalidate=\"novalidate\" data-status=\"init\">\n<div style=\"display: none;\">\n<input type=\"hidden\" name=\"_wpcf7\" value=\"48\" \/>\n<input type=\"hidden\" name=\"_wpcf7_version\" value=\"6.0.6\" \/>\n<input type=\"hidden\" name=\"_wpcf7_locale\" value=\"fr_FR\" \/>\n<input type=\"hidden\" name=\"_wpcf7_unit_tag\" value=\"wpcf7-f48-o1\" \/>\n<input type=\"hidden\" name=\"_wpcf7_container_post\" value=\"0\" \/>\n<input type=\"hidden\" name=\"_wpcf7_posted_data_hash\" value=\"\" \/>\n<\/div>\n<p><label> First Name*<br \/>\n<span class=\"wpcf7-form-control-wrap\" data-name=\"firstName\"><input size=\"40\" maxlength=\"400\" class=\"wpcf7-form-control wpcf7-text wpcf7-validates-as-required\" aria-required=\"true\" aria-invalid=\"false\" value=\"\" type=\"text\" name=\"firstName\" \/><\/span> <\/label>\n<\/p>\n<p><label> Last Name*<br \/>\n<span class=\"wpcf7-form-control-wrap\" data-name=\"lastName\"><input size=\"40\" maxlength=\"400\" class=\"wpcf7-form-control wpcf7-text wpcf7-validates-as-required\" aria-required=\"true\" aria-invalid=\"false\" value=\"\" type=\"text\" name=\"lastName\" \/><\/span> <\/label>\n<\/p>\n<p><label> Organization<br \/>\n<span class=\"wpcf7-form-control-wrap\" data-name=\"organization\"><input size=\"40\" maxlength=\"400\" class=\"wpcf7-form-control wpcf7-text\" aria-invalid=\"false\" value=\"\" type=\"text\" name=\"organization\" \/><\/span> <\/label>\n<\/p>\n<p><label> Position<br \/>\n<span class=\"wpcf7-form-control-wrap\" data-name=\"position\"><input size=\"40\" maxlength=\"400\" class=\"wpcf7-form-control wpcf7-text\" aria-invalid=\"false\" value=\"\" type=\"text\" name=\"position\" \/><\/span> <\/label>\n<\/p>\n<p><label> Phone Number<br \/>\n<span class=\"wpcf7-form-control-wrap\" data-name=\"phone\"><input size=\"40\" maxlength=\"400\" class=\"wpcf7-form-control wpcf7-tel wpcf7-text wpcf7-validates-as-tel\" aria-invalid=\"false\" value=\"\" type=\"tel\" name=\"phone\" \/><\/span> <\/label>\n<\/p>\n<p><label> Email*<br \/>\n<span class=\"wpcf7-form-control-wrap\" data-name=\"email\"><input size=\"40\" maxlength=\"400\" class=\"wpcf7-form-control wpcf7-email wpcf7-validates-as-required wpcf7-text wpcf7-validates-as-email\" aria-required=\"true\" aria-invalid=\"false\" value=\"\" type=\"email\" name=\"email\" \/><\/span> <\/label>\n<\/p>\n<p><label> Subject*<br \/>\n<span class=\"wpcf7-form-control-wrap\" data-name=\"subject\"><input size=\"40\" maxlength=\"400\" class=\"wpcf7-form-control wpcf7-text wpcf7-validates-as-required\" aria-required=\"true\" aria-invalid=\"false\" value=\"\" type=\"text\" name=\"subject\" \/><\/span> <\/label>\n<\/p>\n<p><label> Message*<br \/>\n<span class=\"wpcf7-form-control-wrap\" data-name=\"message\"><textarea cols=\"40\" rows=\"10\" maxlength=\"2000\" class=\"wpcf7-form-control wpcf7-textarea wpcf7-validates-as-required\" aria-required=\"true\" aria-invalid=\"false\" name=\"message\"><\/textarea><\/span> <\/label>\n<\/p>\n<p><input class=\"wpcf7-form-control wpcf7-submit has-spinner\" type=\"submit\" value=\"Send\" \/>\n<\/p><div class=\"wpcf7-response-output\" aria-hidden=\"true\"><\/div>\n<\/form>\n<\/div>\n\n\n\n\n<style>\nform p:not(:nth-child(8)):not(:nth-child(9)):not(:nth-child(10)){\n  display: inline-block;\n  width: 49%;\n}\n@media only screen and (max-width: 768px) {\n  form p:not(:nth-child(8)):not(:nth-child(9)):not(:nth-child(10)){\n    display: inline-block;\n    width: 100%;\n  }\n}\n@media only screen and (max-width: 600px) {\n  .must-flip > div:first-child{\n    order: 2\n  }\n.m-top{\n margin-top:24px\n}\n}\nform p:nth-child(10){\n text-align:center\n}\nform p:nth-child(10) input{\n    background-color: black;\n    color: white;\n    padding: 12px;\n    width: 120px;\n    border-radius: 50px;\n}\nform p input, form p textarea{\n  width: 100%\n}\n.iframe-wrapper{\n    display: flex;\n    align-items: center;\n    justify-content: center;\n}\n.iframe-wrapper > figure{\n     margin: 0;\n    padding-top: 56.25%;\n    position: relative;\n    display: block;\n    overflow: hidden;\n    width: 100%;\n}\n.iframe-wrapper iframe{\nposition: absolute;\n    top: 0;\n    left: 0;\n    bottom: 0;\n    height: 100%;\n    width: 100%;\n    border: 0;\n}\n.centered-col{\n display: flex;\nalign-items: center;\njustify-content: center;\n}\n<\/style>\n","protected":false},"excerpt":{"rendered":"<p>The St\u00e9phan Cr\u00e9tier Foundation is a Canadian charitable organization established in 2006 by St\u00e9phan Cr\u00e9tier and St\u00e9phany Maillery. Global citizens residing in Dubai since 2010, Mr. Cr\u00e9tier and Ms. Maillery have not forgotten their Canadian roots. The Foundation\u2019s mission is to give back to the community by supporting various Canadian not-for-profit organizations. Furthermore, the Foundation [&hellip;]<\/p>\n","protected":false},"author":3,"featured_media":0,"parent":0,"menu_order":0,"comment_status":"closed","ping_status":"closed","template":"","meta":{"_acf_changed":false,"footnotes":""},"class_list":["post-41","page","type-page","status-publish","hentry"],"acf":[],"_links":{"self":[{"href":"https:\/\/www.fondationcretier.org\/en\/wp-json\/wp\/v2\/pages\/41","targetHints":{"allow":["GET"]}}],"collection":[{"href":"https:\/\/www.fondationcretier.org\/en\/wp-json\/wp\/v2\/pages"}],"about":[{"href":"https:\/\/www.fondationcretier.org\/en\/wp-json\/wp\/v2\/types\/page"}],"author":[{"embeddable":true,"href":"https:\/\/www.fondationcretier.org\/en\/wp-json\/wp\/v2\/users\/3"}],"replies":[{"embeddable":true,"href":"https:\/\/www.fondationcretier.org\/en\/wp-json\/wp\/v2\/comments?post=41"}],"version-history":[{"count":87,"href":"https:\/\/www.fondationcretier.org\/en\/wp-json\/wp\/v2\/pages\/41\/revisions"}],"predecessor-version":[{"id":399,"href":"https:\/\/www.fondationcretier.org\/en\/wp-json\/wp\/v2\/pages\/41\/revisions\/399"}],"wp:attachment":[{"href":"https:\/\/www.fondationcretier.org\/en\/wp-json\/wp\/v2\/media?parent=41"}],"curies":[{"name":"wp","href":"https:\/\/api.w.org\/{rel}","templated":true}]}}